
{"id":223496,"date":"2022-12-13T02:08:08","date_gmt":"2022-12-13T02:08:08","guid":{"rendered":"https:\/\/www.executive.pf\/2022\/?page_id=223496"},"modified":"2023-06-17T08:29:59","modified_gmt":"2023-06-17T08:29:59","slug":"coaching-en-entreprise","status":"publish","type":"page","link":"https:\/\/www.executive.pf\/2022\/coaching-en-entreprise\/","title":{"rendered":"COACHING EN ENTREPRISE"},"content":{"rendered":"<p>[et_pb_section fb_built=\u00a0\u00bb1&Prime; _builder_version=\u00a0\u00bb4.16&Prime; _module_preset=\u00a0\u00bbdefault\u00a0\u00bb background_color=\u00a0\u00bb#EFE9E4&Prime; custom_padding=\u00a0\u00bb||||false|false\u00a0\u00bb global_colors_info=\u00a0\u00bb{}\u00a0\u00bb][et_pb_row _builder_version=\u00a0\u00bb4.16&Prime; _module_preset=\u00a0\u00bbdefault\u00a0\u00bb custom_padding=\u00a0\u00bb||||false|false\u00a0\u00bb locked=\u00a0\u00bboff\u00a0\u00bb global_colors_info=\u00a0\u00bb{}\u00a0\u00bb][et_pb_column type=\u00a0\u00bb4_4&Prime; _builder_version=\u00a0\u00bb4.16&Prime; _module_preset=\u00a0\u00bbdefault\u00a0\u00bb global_colors_info=\u00a0\u00bb{}\u00a0\u00bb][et_pb_divider color=\u00a0\u00bbgcid-c7109f23-3bab-4697-bfbd-08d17fcbfccc\u00a0\u00bb divider_position=\u00a0\u00bbcenter\u00a0\u00bb divider_weight=\u00a0\u00bb3px\u00a0\u00bb _builder_version=\u00a0\u00bb4.16&Prime; max_width=\u00a0\u00bb50px\u00a0\u00bb module_alignment=\u00a0\u00bbleft\u00a0\u00bb custom_margin=\u00a0\u00bb||25px||false|false\u00a0\u00bb animation_style=\u00a0\u00bbslide\u00a0\u00bb animation_direction=\u00a0\u00bbtop\u00a0\u00bb animation_intensity_slide=\u00a0\u00bb10%\u00a0\u00bb animation_starting_opacity=\u00a0\u00bb100%\u00a0\u00bb locked=\u00a0\u00bboff\u00a0\u00bb global_colors_info=\u00a0\u00bb{%22gcid-c7109f23-3bab-4697-bfbd-08d17fcbfccc%22:%91%22color%22%93}\u00a0\u00bb][\/et_pb_divider][et_pb_text _builder_version=\u00a0\u00bb4.17.4&Prime; _module_preset=\u00a0\u00bbdefault\u00a0\u00bb header_2_font=\u00a0\u00bb|600|on||||||\u00a0\u00bb header_2_text_align=\u00a0\u00bbleft\u00a0\u00bb header_2_text_color=\u00a0\u00bb#282624&Prime; header_2_font_size=\u00a0\u00bb42px\u00a0\u00bb header_3_text_align=\u00a0\u00bbleft\u00a0\u00bb header_3_text_color=\u00a0\u00bb#F8BC27&Prime; custom_margin=\u00a0\u00bb||-2px||false|false\u00a0\u00bb custom_margin_tablet=\u00a0\u00bb\u00a0\u00bb custom_margin_phone=\u00a0\u00bb||20px||false|false\u00a0\u00bb custom_margin_last_edited=\u00a0\u00bbon|phone\u00a0\u00bb header_2_font_size_tablet=\u00a0\u00bb\u00a0\u00bb header_2_font_size_phone=\u00a0\u00bb24px\u00a0\u00bb header_2_font_size_last_edited=\u00a0\u00bbon|phone\u00a0\u00bb global_colors_info=\u00a0\u00bb{}\u00a0\u00bb]<\/p>\n<h2>Coaching en Entreprise<\/h2>\n<p>[\/et_pb_text][\/et_pb_column][\/et_pb_row][et_pb_row column_structure=\u00a0\u00bb3_5,2_5&Prime; _builder_version=\u00a0\u00bb4.19.2&Prime; _module_preset=\u00a0\u00bbdefault\u00a0\u00bb background_color=\u00a0\u00bbrgba(255,255,255,0.5)\u00a0\u00bb background_enable_image=\u00a0\u00bboff\u00a0\u00bb background_blend=\u00a0\u00bboverlay\u00a0\u00bb custom_margin=\u00a0\u00bb||55px||false|false\u00a0\u00bb custom_padding=\u00a0\u00bb50px|50px|50px|50px|false|false\u00a0\u00bb global_colors_info=\u00a0\u00bb{}\u00a0\u00bb][et_pb_column type=\u00a0\u00bb3_5&Prime; _builder_version=\u00a0\u00bb4.16&Prime; _module_preset=\u00a0\u00bbdefault\u00a0\u00bb global_colors_info=\u00a0\u00bb{}\u00a0\u00bb][et_pb_text _builder_version=\u00a0\u00bb4.19.2&Prime; _module_preset=\u00a0\u00bbdefault\u00a0\u00bb text_font_size=\u00a0\u00bb18px\u00a0\u00bb text_line_height=\u00a0\u00bb1.8em\u00a0\u00bb header_4_font=\u00a0\u00bb|600|||||||\u00a0\u00bb header_4_text_color=\u00a0\u00bb#282624&Prime; text_orientation=\u00a0\u00bbjustified\u00a0\u00bb global_colors_info=\u00a0\u00bb{}\u00a0\u00bb]Notre pratique de l\u2019accompagnement en entreprise nous permet de dresser les constats suivants :<\/p>\n<ul>\n<li>Les managers ma\u00eetrisent rarement les fondamentaux du management, et notamment au niveau des \u00ab soft skills \u00bb :\n<ul>\n<li>Pas de conduite structur\u00e9e des entretiens de management ou des r\u00e9unions<\/li>\n<li>Difficult\u00e9 \u00e0 communiquer, motiver et d\u00e9velopper leurs collaborateurs<\/li>\n<li>Pas de prise de conscience que manager est un m\u00e9tier \u00e0 part enti\u00e8re.<\/li>\n<li>Difficult\u00e9 \u00e0 asseoir leur leadership<\/li>\n<\/ul>\n<\/li>\n<li>Les cons\u00e9quences induites sont un manque \u00e0 gagner en performance :\n<ul>\n<li>Atteinte des objectifs du service \u00ab&nbsp;dans la souffrance&nbsp;\u00bb et aux d\u00e9pens du d\u00e9veloppement des collaborateurs, qui peuvent quitter l\u2019entreprise<\/li>\n<li>Manque d\u2019intelligence collective et d\u2019innovation<\/li>\n<li>Difficult\u00e9 \u00e0 coop\u00e9rer en interne, avec des fonctionnements en silos<\/li>\n<\/ul>\n<\/li>\n<\/ul>\n<p>[\/et_pb_text][et_pb_text _builder_version=\u00a0\u00bb4.19.2&Prime; _module_preset=\u00a0\u00bbdefault\u00a0\u00bb text_font_size=\u00a0\u00bb18px\u00a0\u00bb text_line_height=\u00a0\u00bb1.8em\u00a0\u00bb header_4_font=\u00a0\u00bb|600|||||||\u00a0\u00bb header_4_text_color=\u00a0\u00bb#282624&Prime; text_orientation=\u00a0\u00bbjustified\u00a0\u00bb global_colors_info=\u00a0\u00bb{}\u00a0\u00bb]<\/p>\n<p>Le coaching est une mesure d\u2019accompagnement des Managers qui souhaitent \u00e9voluer dans leur pratique, et le coach agit comme catalyseur des apprentissages en mobilisant les \u00e9nergies de son client au travers de :<\/p>\n<ul>\n<li>Son \u00e9coute active, sa bienveillance, son non-jugement<\/li>\n<li>Sa capacit\u00e9 \u00e0 faire \u00e9merger les ressources individuelles de son coach\u00e9 pour d\u00e9velopper des actes de management pertinents<\/li>\n<li>Sa croyance dans le potentiel de son client et la conviction que le coach\u00e9 a toutes les ressources en lui pour r\u00e9aliser ses objectifs, car il est le seul v\u00e9ritable acteur de son changement<\/li>\n<li>Son habilit\u00e9 \u00e0 faire prendre conscience au coach\u00e9 de ce qu\u2019il a \u00e0 gagner \u00e0 faire \u00e9voluer sa pratique manag\u00e9riale, pour lui-m\u00eame, pour ses collaborateurs et pour l\u2019entreprise.<\/li>\n<\/ul>\n<p>Le coach cr\u00e9e un espace de confiance, de partenariat et de libre expression permettant au coach\u00e9 de recevoir un feed-back utile \u00e0 son d\u00e9veloppement personnel et professionnel. Le coach n\u2019est ni expert, ni mentor, ni consultant, ni formateur, et encore moins th\u00e9rapeute. Il cr\u00e9e le cadre pour une d\u00e9marche r\u00e9flexive f\u00e9conde, en faisant \u00e9merger la coh\u00e9rence par le sens et par l\u2019action pour enclencher le changement.<\/p>\n<p>[\/et_pb_text][et_pb_image src=\u00a0\u00bbhttps:\/\/www.executive.pf\/2022\/wp-content\/uploads\/2023\/01\/SKMBT_C28423012811480.png\u00a0\u00bb title_text=\u00a0\u00bbSKMBT_C28423012811480&Prime; _builder_version=\u00a0\u00bb4.19.2&Prime; _module_preset=\u00a0\u00bbdefault\u00a0\u00bb border_radii=\u00a0\u00bbon|6px|6px|6px|6px\u00a0\u00bb global_colors_info=\u00a0\u00bb{}\u00a0\u00bb][\/et_pb_image][et_pb_text _builder_version=\u00a0\u00bb4.19.2&Prime; _module_preset=\u00a0\u00bbdefault\u00a0\u00bb text_font_size=\u00a0\u00bb18px\u00a0\u00bb text_line_height=\u00a0\u00bb1.8em\u00a0\u00bb header_4_font=\u00a0\u00bb|600|||||||\u00a0\u00bb header_4_text_color=\u00a0\u00bb#282624&Prime; text_orientation=\u00a0\u00bbjustified\u00a0\u00bb global_colors_info=\u00a0\u00bb{}\u00a0\u00bb]<\/p>\n<p><strong>Executive Solutions est sp\u00e9cialis\u00e9 en coaching d\u2019entreprise et propose<\/strong><\/p>\n<ul>\n<li><strong>Des accompagnements individuels de managers,<\/strong> qui souhaitent \u00e9voluer dans leur pratique<\/li>\n<li><strong>Des coachings d\u2019\u00e9quipes<\/strong> pour favoriser la coh\u00e9sion propice \u00e0 la performance<\/li>\n<li><strong>Des coachings de dirigeants<\/strong> pour aider aux prises de recul et de conscience n\u00e9cessaires pour piloter les projets de transformation<\/li>\n<\/ul>\n<p>[\/et_pb_text][\/et_pb_column][et_pb_column type=\u00a0\u00bb2_5&Prime; _builder_version=\u00a0\u00bb4.19.2&Prime; _module_preset=\u00a0\u00bbdefault\u00a0\u00bb background_color=\u00a0\u00bbRGBA(255,255,255,0)\u00a0\u00bb background_enable_image=\u00a0\u00bboff\u00a0\u00bb background_blend=\u00a0\u00bbluminosity\u00a0\u00bb custom_padding=\u00a0\u00bb||||false|false\u00a0\u00bb global_colors_info=\u00a0\u00bb{}\u00a0\u00bb][et_pb_team_member image_url=\u00a0\u00bbhttps:\/\/www.executive.pf\/2022\/wp-content\/uploads\/2021\/10\/1533851135049.jpg\u00a0\u00bb _builder_version=\u00a0\u00bb4.19.2&Prime; _module_preset=\u00a0\u00bbdefault\u00a0\u00bb body_font=\u00a0\u00bb||on||||||\u00a0\u00bb body_text_color=\u00a0\u00bb#282624&Prime; body_font_size=\u00a0\u00bb24px\u00a0\u00bb body_line_height=\u00a0\u00bb1.2em\u00a0\u00bb position_text_color=\u00a0\u00bb#282624&Prime; background_color=\u00a0\u00bbrgba(255,255,255,0.5)\u00a0\u00bb module_alignment=\u00a0\u00bbcenter\u00a0\u00bb custom_padding=\u00a0\u00bb25px|25px|25px|25px|false|false\u00a0\u00bb custom_css_member_image=\u00a0\u00bbmax-width: 180px;\u00a0\u00bb custom_css_title=\u00a0\u00bbmargin-top: 45px !important;\u00a0\u00bb border_radii_image=\u00a0\u00bbon|186px|186px|186px|186px\u00a0\u00bb global_colors_info=\u00a0\u00bb{}\u00a0\u00bb]<\/p>\n<p>R\u00e9gine JOUVIN est certifi\u00e9e <strong>Master Coach Professionnel<\/strong> en Corporate et Life Coaching par l\u2019Institut de Coaching International (ICI) de Gen\u00e8ve.<\/p>\n<p>[\/et_pb_team_member][et_pb_gallery gallery_ids=\u00a0\u00bb223509,223510,223511,223543&Prime; show_title_and_caption=\u00a0\u00bboff\u00a0\u00bb hover_icon=\u00a0\u00bb&#x54;||divi||400&Prime; _builder_version=\u00a0\u00bb4.19.2&Prime; _module_preset=\u00a0\u00bbdefault\u00a0\u00bb hover_enabled=\u00a0\u00bb0&Prime; global_colors_info=\u00a0\u00bb{}\u00a0\u00bb sticky_enabled=\u00a0\u00bb0&Prime;][\/et_pb_gallery][et_pb_team_member name=\u00a0\u00bbJacques ATTALI\u00a0\u00bb image_url=\u00a0\u00bbhttps:\/\/www.executive.pf\/2022\/wp-content\/uploads\/2022\/12\/attali-300&#215;300.jpg\u00a0\u00bb _builder_version=\u00a0\u00bb4.19.2&Prime; _module_preset=\u00a0\u00bbdefault\u00a0\u00bb body_font=\u00a0\u00bb|600|on||||||\u00a0\u00bb body_text_color=\u00a0\u00bb#F8BC27&Prime; body_font_size=\u00a0\u00bb24px\u00a0\u00bb body_line_height=\u00a0\u00bb1.2em\u00a0\u00bb position_text_color=\u00a0\u00bb#282624&Prime; background_color=\u00a0\u00bbrgba(255,255,255,0.5)\u00a0\u00bb module_alignment=\u00a0\u00bbcenter\u00a0\u00bb custom_padding=\u00a0\u00bb25px|25px|25px|25px|false|false\u00a0\u00bb custom_css_member_image=\u00a0\u00bbmax-width: 180px;\u00a0\u00bb custom_css_title=\u00a0\u00bbmargin-top: 45px !important;\u00a0\u00bb border_radii_image=\u00a0\u00bbon|186px|186px|186px|186px\u00a0\u00bb global_colors_info=\u00a0\u00bb{}\u00a0\u00bb]<\/p>\n<p>\u00ab Car ce que les gens attendent, en r\u00e9alit\u00e9, ce n&rsquo;est plus seulement un travail, un salaire, mais qu&rsquo;on les aide \u00e0 devenir soi. On va plus que jamais avoir besoin de gens qui nous orientent, de conseillers d&rsquo;\u00e9ducation, de coachs\u2026\u00a0\u00bb<\/p>\n<p>[\/et_pb_team_member][\/et_pb_column][\/et_pb_row][\/et_pb_section]<\/p>\n","protected":false},"excerpt":{"rendered":"<p>Coaching en EntrepriseNotre pratique de l\u2019accompagnement en entreprise nous permet de dresser les constats suivants : Les managers ma\u00eetrisent rarement les fondamentaux du management, et notamment au niveau des \u00ab soft skills \u00bb : Pas de conduite structur\u00e9e des entretiens de management ou des r\u00e9unions Difficult\u00e9 \u00e0 communiquer, motiver et d\u00e9velopper leurs collaborateurs Pas de [&hellip;]<\/p>\n","protected":false},"author":1,"featured_media":0,"parent":0,"menu_order":0,"comment_status":"closed","ping_status":"closed","template":"","meta":{"_et_pb_use_builder":"on","_et_pb_old_content":"","_et_gb_content_width":"","footnotes":""},"class_list":["post-223496","page","type-page","status-publish","hentry"],"yoast_head":"<!-- This site is optimized with the Yoast SEO plugin v21.6 - https:\/\/yoast.com\/wordpress\/plugins\/seo\/ -->\n<title>COACHING EN ENTREPRISE - Executive Solution - Audit conseil et recrutement d&#039;entreprise<\/title>\n<meta name=\"robots\" content=\"index, follow, max-snippet:-1, max-image-preview:large, max-video-preview:-1\" \/>\n<link rel=\"canonical\" href=\"https:\/\/www.executive.pf\/2022\/coaching-en-entreprise\/\" \/>\n<meta property=\"og:locale\" content=\"fr_FR\" \/>\n<meta property=\"og:type\" content=\"article\" \/>\n<meta property=\"og:title\" content=\"COACHING EN ENTREPRISE - Executive Solution - Audit conseil et recrutement d&#039;entreprise\" \/>\n<meta property=\"og:description\" content=\"Coaching en EntrepriseNotre pratique de l\u2019accompagnement en entreprise nous permet de dresser les constats suivants : Les managers ma\u00eetrisent rarement les fondamentaux du management, et notamment au niveau des \u00ab soft skills \u00bb : Pas de conduite structur\u00e9e des entretiens de management ou des r\u00e9unions Difficult\u00e9 \u00e0 communiquer, motiver et d\u00e9velopper leurs collaborateurs Pas de [&hellip;]\" \/>\n<meta property=\"og:url\" content=\"https:\/\/www.executive.pf\/2022\/coaching-en-entreprise\/\" \/>\n<meta property=\"og:site_name\" content=\"Executive Solution - Audit conseil et recrutement d&#039;entreprise\" \/>\n<meta property=\"article:modified_time\" content=\"2023-06-17T08:29:59+00:00\" \/>\n<meta name=\"twitter:card\" content=\"summary_large_image\" \/>\n<script type=\"application\/ld+json\" class=\"yoast-schema-graph\">{\"@context\":\"https:\/\/schema.org\",\"@graph\":[{\"@type\":\"WebPage\",\"@id\":\"https:\/\/www.executive.pf\/2022\/coaching-en-entreprise\/\",\"url\":\"https:\/\/www.executive.pf\/2022\/coaching-en-entreprise\/\",\"name\":\"COACHING EN ENTREPRISE - Executive Solution - Audit conseil et recrutement d&#039;entreprise\",\"isPartOf\":{\"@id\":\"https:\/\/www.executive.pf\/2022\/#website\"},\"datePublished\":\"2022-12-13T02:08:08+00:00\",\"dateModified\":\"2023-06-17T08:29:59+00:00\",\"breadcrumb\":{\"@id\":\"https:\/\/www.executive.pf\/2022\/coaching-en-entreprise\/#breadcrumb\"},\"inLanguage\":\"fr-FR\",\"potentialAction\":[{\"@type\":\"ReadAction\",\"target\":[\"https:\/\/www.executive.pf\/2022\/coaching-en-entreprise\/\"]}]},{\"@type\":\"BreadcrumbList\",\"@id\":\"https:\/\/www.executive.pf\/2022\/coaching-en-entreprise\/#breadcrumb\",\"itemListElement\":[{\"@type\":\"ListItem\",\"position\":1,\"name\":\"Accueil\",\"item\":\"https:\/\/www.executive.pf\/2022\/\"},{\"@type\":\"ListItem\",\"position\":2,\"name\":\"COACHING EN ENTREPRISE\"}]},{\"@type\":\"WebSite\",\"@id\":\"https:\/\/www.executive.pf\/2022\/#website\",\"url\":\"https:\/\/www.executive.pf\/2022\/\",\"name\":\"Executive Solution - Audit conseil et recrutement d&#039;entreprise\",\"description\":\"Vous faire prendre de la hauteur\",\"potentialAction\":[{\"@type\":\"SearchAction\",\"target\":{\"@type\":\"EntryPoint\",\"urlTemplate\":\"https:\/\/www.executive.pf\/2022\/?s={search_term_string}\"},\"query-input\":\"required name=search_term_string\"}],\"inLanguage\":\"fr-FR\"}]}<\/script>\n<!-- \/ Yoast SEO plugin. -->","yoast_head_json":{"title":"COACHING EN ENTREPRISE - Executive Solution - Audit conseil et recrutement d&#039;entreprise","robots":{"index":"index","follow":"follow","max-snippet":"max-snippet:-1","max-image-preview":"max-image-preview:large","max-video-preview":"max-video-preview:-1"},"canonical":"https:\/\/www.executive.pf\/2022\/coaching-en-entreprise\/","og_locale":"fr_FR","og_type":"article","og_title":"COACHING EN ENTREPRISE - Executive Solution - Audit conseil et recrutement d&#039;entreprise","og_description":"Coaching en EntrepriseNotre pratique de l\u2019accompagnement en entreprise nous permet de dresser les constats suivants : Les managers ma\u00eetrisent rarement les fondamentaux du management, et notamment au niveau des \u00ab soft skills \u00bb : Pas de conduite structur\u00e9e des entretiens de management ou des r\u00e9unions Difficult\u00e9 \u00e0 communiquer, motiver et d\u00e9velopper leurs collaborateurs Pas de [&hellip;]","og_url":"https:\/\/www.executive.pf\/2022\/coaching-en-entreprise\/","og_site_name":"Executive Solution - Audit conseil et recrutement d&#039;entreprise","article_modified_time":"2023-06-17T08:29:59+00:00","twitter_card":"summary_large_image","schema":{"@context":"https:\/\/schema.org","@graph":[{"@type":"WebPage","@id":"https:\/\/www.executive.pf\/2022\/coaching-en-entreprise\/","url":"https:\/\/www.executive.pf\/2022\/coaching-en-entreprise\/","name":"COACHING EN ENTREPRISE - Executive Solution - Audit conseil et recrutement d&#039;entreprise","isPartOf":{"@id":"https:\/\/www.executive.pf\/2022\/#website"},"datePublished":"2022-12-13T02:08:08+00:00","dateModified":"2023-06-17T08:29:59+00:00","breadcrumb":{"@id":"https:\/\/www.executive.pf\/2022\/coaching-en-entreprise\/#breadcrumb"},"inLanguage":"fr-FR","potentialAction":[{"@type":"ReadAction","target":["https:\/\/www.executive.pf\/2022\/coaching-en-entreprise\/"]}]},{"@type":"BreadcrumbList","@id":"https:\/\/www.executive.pf\/2022\/coaching-en-entreprise\/#breadcrumb","itemListElement":[{"@type":"ListItem","position":1,"name":"Accueil","item":"https:\/\/www.executive.pf\/2022\/"},{"@type":"ListItem","position":2,"name":"COACHING EN ENTREPRISE"}]},{"@type":"WebSite","@id":"https:\/\/www.executive.pf\/2022\/#website","url":"https:\/\/www.executive.pf\/2022\/","name":"Executive Solution - Audit conseil et recrutement d&#039;entreprise","description":"Vous faire prendre de la hauteur","potentialAction":[{"@type":"SearchAction","target":{"@type":"EntryPoint","urlTemplate":"https:\/\/www.executive.pf\/2022\/?s={search_term_string}"},"query-input":"required name=search_term_string"}],"inLanguage":"fr-FR"}]}},"_links":{"self":[{"href":"https:\/\/www.executive.pf\/2022\/wp-json\/wp\/v2\/pages\/223496","targetHints":{"allow":["GET"]}}],"collection":[{"href":"https:\/\/www.executive.pf\/2022\/wp-json\/wp\/v2\/pages"}],"about":[{"href":"https:\/\/www.executive.pf\/2022\/wp-json\/wp\/v2\/types\/page"}],"author":[{"embeddable":true,"href":"https:\/\/www.executive.pf\/2022\/wp-json\/wp\/v2\/users\/1"}],"replies":[{"embeddable":true,"href":"https:\/\/www.executive.pf\/2022\/wp-json\/wp\/v2\/comments?post=223496"}],"version-history":[{"count":9,"href":"https:\/\/www.executive.pf\/2022\/wp-json\/wp\/v2\/pages\/223496\/revisions"}],"predecessor-version":[{"id":223545,"href":"https:\/\/www.executive.pf\/2022\/wp-json\/wp\/v2\/pages\/223496\/revisions\/223545"}],"wp:attachment":[{"href":"https:\/\/www.executive.pf\/2022\/wp-json\/wp\/v2\/media?parent=223496"}],"curies":[{"name":"wp","href":"https:\/\/api.w.org\/{rel}","templated":true}]}}